{"id":37551,"date":"2024-01-28T01:25:58","date_gmt":"2024-01-28T00:25:58","guid":{"rendered":"https:\/\/balviennois.ch\/?page_id=37551"},"modified":"2025-08-30T12:38:07","modified_gmt":"2025-08-30T10:38:07","slug":"masterclass","status":"publish","type":"page","link":"https:\/\/balviennois.ch\/de\/masterclass\/","title":{"rendered":"Workshops"},"content":{"rendered":"<section class=\"wpb-content-wrapper\"><p>[vc_row full_width=&#8220;stretch_row&#8220; equal_height=&#8220;yes&#8220; content_placement=&#8220;middle&#8220; woodmart_css_id=&#8220;638508f568322&#8243; responsive_spacing=&#8220;eyJwYXJhbV90eXBlIjoid29vZG1hcnRfcmVzcG9uc2l2ZV9zcGFjaW5nIiwic2VsZWN0b3JfaWQiOiI2Mzg1MDhmNTY4MzIyIiwic2hvcnRjb2RlIjoidmNfcm93IiwiZGF0YSI6eyJ0YWJsZXQiOnt9LCJtb2JpbGUiOnt9fX0=&#8220; mobile_bg_img_hidden=&#8220;no&#8220; tablet_bg_img_hidden=&#8220;no&#8220; woodmart_parallax=&#8220;0&#8243; woodmart_gradient_switch=&#8220;no&#8220; woodmart_box_shadow=&#8220;no&#8220; wd_z_index=&#8220;no&#8220; woodmart_disable_overflow=&#8220;0&#8243; row_reverse_mobile=&#8220;1&#8243; row_reverse_tablet=&#8220;0&#8243; css=&#8220;.vc_custom_1669662970570{margin-top: -40px !important;padding-top: 40px !important;padding-bottom: 40px !important;background-color: #770909 !important;}&#8220;][vc_column css=&#8220;.vc_custom_1669662952243{padding-top: 20px !important;padding-right: 5% !important;padding-bottom: 20px !important;padding-left: 5% !important;}&#8220; woodmart_css_id=&#8220;638508e3e4dc0&#8243; parallax_scroll=&#8220;no&#8220; woodmart_sticky_column=&#8220;false&#8220; wd_collapsible_content_switcher=&#8220;no&#8220; wd_column_role_offcanvas_desktop=&#8220;no&#8220; wd_column_role_offcanvas_tablet=&#8220;no&#8220; wd_column_role_offcanvas_mobile=&#8220;no&#8220; wd_column_role_content_desktop=&#8220;no&#8220; wd_column_role_content_tablet=&#8220;no&#8220; wd_column_role_content_mobile=&#8220;no&#8220; mobile_bg_img_hidden=&#8220;no&#8220; tablet_bg_img_hidden=&#8220;no&#8220; woodmart_parallax=&#8220;0&#8243; woodmart_box_shadow=&#8220;no&#8220; responsive_spacing=&#8220;eyJwYXJhbV90eXBlIjoid29vZG1hcnRfcmVzcG9uc2l2ZV9zcGFjaW5nIiwic2VsZWN0b3JfaWQiOiI2Mzg1MDhlM2U0ZGMwIiwic2hvcnRjb2RlIjoidmNfY29sdW1uIiwiZGF0YSI6eyJ0YWJsZXQiOnt9LCJtb2JpbGUiOnt9fX0=&#8220; mobile_reset_margin=&#8220;no&#8220; tablet_reset_margin=&#8220;no&#8220; wd_z_index=&#8220;no&#8220; el_class=&#8220;max-660-center&#8220;]\n\t\t<div id=\"wd-6891aa4458ece\" class=\"title-wrapper wd-wpb set-mb-s reset-last-child  wd-rs-6891aa4458ece wd-title-color-primary wd-title-style-default text-left bloque-titulo vc_custom_1754376781709 wd-underline-colored\">\n\t\t\t\t\t\t\t<div class=\"title-subtitle  subtitle-color-primary font-default subtitle-style-default wd-font-weight- wd-fontsize-xs\">Wiener Ball Genf - Ausgabe 2025<\/div>\n\t\t\t\n\t\t\t<div class=\"liner-continer\">\n\t\t\t\t<h4 class=\"woodmart-title-container title  wd-font-weight- wd-fontsize-xxl\" >Workshops Wiener Walzer \u2013 Herbst 2025<\/h4>\n\t\t\t\t\t\t\t<\/div>\n\t\t\t\n\t\t\t\n\t\t\t\n\t\t<\/div>\n\t\t\n\t\t\t\t<div id=\"wd-6891aa596e318\" class=\"wd-text-block wd-wpb reset-last-child wd-rs-6891aa596e318 text-left vc_custom_1754376809386\">\n\t\t\t<p class=\"p1\">Lernen Sie den Wiener Walzer in einer geselligen Atmosph\u00e4re, angeleitet von leidenschaftlichen, professionellen T\u00e4nzern.<\/p>\n<p class=\"p1\">Alle Kurse stehen sowohl Anf\u00e4ngern als auch erfahrenen T\u00e4nzern offen.<\/p>\n\t\t<\/div>\n\t\t\n\t\t<div id=\"wd-689c3821ebdf1\" class=\"title-wrapper wd-wpb set-mb-s reset-last-child  wd-rs-689c3821ebdf1 wd-title-color-primary wd-title-style-default text-left bloque-titulo vc_custom_1755068465574\">\n\t\t\t\t\t\t\t<div class=\"title-subtitle  subtitle-color-primary font-default subtitle-style-default wd-font-weight- wd-fontsize-xs\">Wiener Ball Genf - Ausgabe 2025<\/div>\n\t\t\t\n\t\t\t<div class=\"liner-continer\">\n\t\t\t\t<h4 class=\"woodmart-title-container title  wd-font-weight- wd-fontsize-xxl\" >Praktische Informationen<\/h4>\n\t\t\t\t\t\t\t<\/div>\n\t\t\t\n\t\t\t\n\t\t\t\n\t\t<\/div>\n\t\t\n\t\t\t\t<div id=\"wd-6891aac7395cc\" class=\"wd-text-block wd-wpb reset-last-child wd-rs-6891aac7395cc text-left vc_custom_1754376911181\">\n\t\t\t<ul>\n<li>\n<p class=\"p1\">\n<ul>\n<li>\n<p class=\"p1\">Keine Voranmeldung f\u00fcr kostenlose Workshops erforderlich.<\/p>\n<\/li>\n<li>\n<p class=\"p1\">Bei kostenpflichtigen Workshops: Bezahlung vor Ort.<\/p>\n<\/li>\n<li>\n<p class=\"p1\">Bequeme Kleidung empfohlen; Tanzschuhe oder glatte Sohlen sind erw\u00fcnscht.<\/p>\n<\/li>\n<li>\n<p class=\"p1\">Die Workshops stehen allen offen, sowohl Einzelpersonen als auch Paaren.<\/p>\n<\/li>\n<\/ul>\n<p>&nbsp;<\/li>\n<\/ul>\n\t\t<\/div>\n\t\t\t\t<div id=\"wd-68b2d3569b6b4\" class=\"wd-text-block wd-wpb reset-last-child wd-rs-68b2d3569b6b4 text-left vc_custom_1756550005007\">\n\t\t\t<p>&nbsp;<\/p>\n<h4><span style=\"color: #ffffff;\"><b>Einf\u00fchrungsworkshop \u2013 ein Abend (Geneva KapDanse Club)<\/b><\/span><\/h4>\n<p>&nbsp;<\/p>\n<p class=\"p3\"><span style=\"color: #ffffff;\"><span class=\"s2\"><b>Leitung:<\/b><\/span> Barbara Droz<\/span><\/p>\n<p>&nbsp;<\/p>\n<p class=\"p3\"><span style=\"color: #ffffff;\"><span class=\"s2\"><b>Ort:<\/b><\/span> Onex<\/span><\/p>\n<p>&nbsp;<\/p>\n<p class=\"p3\"><span style=\"color: #ffffff;\"><span class=\"s2\"><b>Dauer:<\/b><\/span> 90 Minuten \u2013 mindestens 10 Personen<\/span><\/p>\n<p>&nbsp;<\/p>\n<p class=\"p4\"><span style=\"color: #ffffff;\"><b>Daten:<\/b><b><\/b><\/span><\/p>\n<p>&nbsp;<\/p>\n<p>&nbsp;<\/p>\n<ul>\n<li>\n<p class=\"p1\"><span style=\"color: #ffffff;\">Dienstag, 2. September, 19:00\u201320:30 Uhr<\/span><\/p>\n<\/li>\n<li>\n<p class=\"p1\"><span style=\"color: #ffffff;\">Dienstag, 9. September, 19:00\u201320:30 Uhr<\/span><\/p>\n<p class=\"p1\"><span style=\"color: #ffffff;\"><span class=\"s1\"><b>Anmeldung erforderlich<\/b><\/span> bis 24. August 2025: <a style=\"color: #ffffff;\" href=\"mailto:cours@geneva-kapdanse-club.ch\">cours@geneva-kapdanse-club.ch<\/a><\/span><\/p>\n<p class=\"p1\"><span style=\"color: #ffffff;\"><span class=\"s1\"><b>Preis:<\/b><\/span> CHF 30 pro Person<\/span><\/p>\n<p class=\"p1\"><span style=\"color: #ffffff;\"><span class=\"s1\"><b>Erm\u00e4\u00dfigter Preis \u201eBal Viennois\u201c:<\/b><\/span> CHF 25 (f\u00fcr Inhaber eines Balltickets)<\/span><\/p>\n<\/li>\n<\/ul>\n<p>&nbsp;<\/p>\n<p>&nbsp;<\/p>\n<hr \/>\n<p>&nbsp;<\/p>\n<p>&nbsp;<\/p>\n<h4><span style=\"color: #ffffff;\"><b>Einf\u00fchrungskurs \u2013 Zyklus von drei Abenden (JouliDance Studio)<\/b><\/span><\/h4>\n<p>&nbsp;<\/p>\n<p class=\"p3\"><span style=\"color: #ffffff;\"><span class=\"s2\"><b>Ort:<\/b><\/span> Rue Elisabeth-Baulacre 14, 1202 Genf (kostenloses Parken)<\/span><\/p>\n<p>&nbsp;<\/p>\n<p class=\"p3\"><span style=\"color: #ffffff;\"><span class=\"s2\"><b>Dauer:<\/b><\/span> 90 Minuten \u2013 mindestens 10 Personen<\/span><\/p>\n<p>&nbsp;<\/p>\n<p class=\"p4\"><span style=\"color: #ffffff;\"><b>Daten:<\/b><b><\/b><\/span><\/p>\n<p>&nbsp;<\/p>\n<p>&nbsp;<\/p>\n<ul>\n<li>\n<p class=\"p1\"><span style=\"color: #ffffff;\">Freitag, 19. September, 20:45\u201322:15 Uhr<\/span><\/p>\n<\/li>\n<li>\n<p class=\"p1\"><span style=\"color: #ffffff;\">Freitag, 17. Oktober, 20:45\u201322:15 Uhr<\/span><\/p>\n<\/li>\n<li>\n<p class=\"p1\"><span style=\"color: #ffffff;\">Freitag, 7. November, 20:45\u201322:15 Uhr<\/span><\/p>\n<p class=\"p2\"><span style=\"color: #ffffff;\"><b>Anmeldung erforderlich:<\/b><span class=\"s1\"> <a style=\"color: #ffffff;\" href=\"mailto:contact@joulidance.ch\">contact@joulidance.ch<\/a><\/span><\/span><\/p>\n<p class=\"p1\"><span style=\"color: #ffffff;\"><span class=\"s2\"><b>Preis:<\/b><\/span> CHF 90 pro Person<\/span><\/p>\n<p class=\"p1\"><span style=\"color: #ffffff;\"><span class=\"s2\"><b>Erm\u00e4\u00dfigter Preis \u201eBal Viennois\u201c:<\/b><\/span> CHF 75 (f\u00fcr Inhaber eines Balltickets)<\/span><\/p>\n<\/li>\n<\/ul>\n<p>&nbsp;<\/p>\n<p>&nbsp;<\/p>\n<hr \/>\n<p>&nbsp;<\/p>\n<p>&nbsp;<\/p>\n<h4><span style=\"color: #ffffff;\"><b>Einf\u00fchrungsworkshop \u2013 ein Abend (JouliDance Studio)<\/b><\/span><\/h4>\n<p>&nbsp;<\/p>\n<p class=\"p3\"><span style=\"color: #ffffff;\"><span class=\"s2\"><b>Ort:<\/b><\/span> Rue Elisabeth-Baulacre 14, 1202 Genf (kostenloses Parken)<\/span><\/p>\n<p>&nbsp;<\/p>\n<p class=\"p3\"><span style=\"color: #ffffff;\"><span class=\"s2\"><b>Dauer:<\/b><\/span> 90 Minuten \u2013 mindestens 10 Personen<\/span><\/p>\n<p>&nbsp;<\/p>\n<p class=\"p4\"><span style=\"color: #ffffff;\"><b>Daten:<\/b><b><\/b><\/span><\/p>\n<p>&nbsp;<\/p>\n<p>&nbsp;<\/p>\n<ul>\n<li>\n<p class=\"p1\"><span style=\"color: #ffffff;\">Montag, 6. Oktober, 18:00\u201319:30 Uhr<\/span><\/p>\n<\/li>\n<li>\n<p class=\"p1\"><span style=\"color: #ffffff;\">Montag, 3. November, 18:00\u201319:30 Uhr<\/span><\/p>\n<p class=\"p2\"><span style=\"color: #ffffff;\"><b>Anmeldung erforderlich:<\/b><span class=\"s1\"> <a style=\"color: #ffffff;\" href=\"mailto:contact@joulidance.ch\">contact@joulidance.ch<\/a><\/span><\/span><\/p>\n<p class=\"p1\"><span style=\"color: #ffffff;\"><span class=\"s2\"><b>Preis:<\/b><\/span> CHF 30 pro Person<\/span><\/p>\n<p class=\"p1\"><span style=\"color: #ffffff;\"><span class=\"s2\"><b>Erm\u00e4\u00dfigter Preis \u201eBal Viennois\u201c:<\/b><\/span> CHF 25 (f\u00fcr Inhaber eines Balltickets)<\/span><\/p>\n<\/li>\n<\/ul>\n<p>&nbsp;<\/p>\n<p>&nbsp;<\/p>\n<hr \/>\n<p>&nbsp;<\/p>\n<p>&nbsp;<\/p>\n<h4><span style=\"color: #ffffff;\"><b>Workshop \u201eSchnelles Lernen\u201c<\/b><\/span><\/h4>\n<p>&nbsp;<\/p>\n<p class=\"p3\"><span style=\"color: #ffffff;\"><span class=\"s2\"><b>Leitung:<\/b><\/span> Audrey Etter und Pierre-Yves Richoz<\/span><\/p>\n<p>&nbsp;<\/p>\n<p class=\"p3\"><span style=\"color: #ffffff;\"><span class=\"s2\"><b>Ort:<\/b><\/span> Bar des The Ritz-Carlton, Hotel de la Paix, Genf<\/span><\/p>\n<p>&nbsp;<\/p>\n<p class=\"p3\"><span style=\"color: #ffffff;\"><span class=\"s2\"><b>Dauer:<\/b><\/span> 90 Minuten \u2013 begrenzt auf 20 Teilnehmer (first come, first served)<\/span><\/p>\n<p>&nbsp;<\/p>\n<p class=\"p3\"><span style=\"color: #ffffff;\"><span class=\"s2\"><b>Datum:<\/b><\/span> Samstag, 15. November, 14:00\u201315:30 Uhr<\/span><\/p>\n<p>&nbsp;<\/p>\n<p class=\"p3\"><span style=\"color: #ffffff;\"><span class=\"s2\"><b>Preis:<\/b><\/span> CHF 25 pro Person<\/span><\/p>\n<p>&nbsp;<\/p>\n<p class=\"p3\"><span style=\"color: #ffffff;\"><span class=\"s2\"><b>Anmeldung erforderlich<\/b><\/span> ab sofort und bis 15. Oktober 2025: <a style=\"color: #ffffff;\" href=\"mailto:info@balviennois.ch\">info@balviennois.ch<\/a><\/span><\/p>\n<p>&nbsp;<\/p>\n<p>&nbsp;<\/p>\n<hr \/>\n<p>&nbsp;<\/p>\n<p class=\"p3\"><span style=\"color: #ffffff;\"><i>In Partnerschaft mit <\/i><a style=\"color: #ffffff;\" href=\"https:\/\/geneva-kapdanse-club.ch\/\"><i>KapDanse<\/i><\/a><i> und <\/i><a style=\"color: #ffffff;\" href=\"https:\/\/joulidance.ch\/\"><i>JouliDance<\/i><\/a><i>.<\/i><\/span><\/p>\n<p>&nbsp;<\/p>\n<h3><span style=\"color: #ffffff;\"><b>viennoise et danse de salon<\/b><\/span><\/h3>\n<p>&nbsp;<\/p>\n<p class=\"p3\"><span style=\"color: #ffffff;\"><span class=\"s2\"><b>Organis\u00e9 par :<\/b><\/span> Geneva KapDanse Club<\/span><\/p>\n<p>&nbsp;<\/p>\n<p class=\"p3\"><span style=\"color: #ffffff;\"><span class=\"s2\"><b>Lieu :<\/b><\/span> La Canop\u00e9e, Quai Gustave Ador (\u00e0 50 m de Baby Plage)<\/span><\/p>\n<p>&nbsp;<\/p>\n<p class=\"p3\"><span style=\"color: #ffffff;\"><span class=\"s2\"><b>Dur\u00e9e :<\/b><\/span> 60 minutes \u2013 Gratuit et sans inscription<\/span><\/p>\n<p>&nbsp;<\/p>\n<p class=\"p3\"><span style=\"color: #ffffff;\"><span class=\"s2\"><b>Date :<\/b><\/span> Samedi 16 ao\u00fbt, de 17h00 \u00e0 18h00<\/span><\/p>\n<p>&nbsp;<\/p>\n<p class=\"p3\"><span style=\"color: #ffffff;\"><span class=\"s2\"><b>Intervenants :<\/b><\/span> Audrey Etter et Pierre-Yves Richoz<\/span><\/p>\n<p>&nbsp;<\/p>\n<hr \/>\n<p>&nbsp;<\/p>\n<h3><span style=\"color: #ffffff;\"><b>Ateliers d\u2019initiation \u2013 une soir\u00e9e (Geneva KapDanse Club)<\/b><\/span><\/h3>\n<p>&nbsp;<\/p>\n<p class=\"p4\"><span style=\"color: #ffffff;\"><b>Intervenante :<\/b><span class=\"s3\"> Barbara Droz<\/span><\/span><\/p>\n<p>&nbsp;<\/p>\n<p class=\"p4\"><span style=\"color: #ffffff;\"><b>Lieu :<\/b><span class=\"s3\"> Onex<\/span><\/span><\/p>\n<p>&nbsp;<\/p>\n<p class=\"p3\"><span style=\"color: #ffffff;\"><span class=\"s2\"><b>Dur\u00e9e :<\/b><\/span> 90 minutes \u2013 Minimum 10 personnes<\/span><\/p>\n<p>&nbsp;<\/p>\n<p class=\"p4\"><span style=\"color: #ffffff;\"><b>Dates :<\/b><b><\/b><\/span><\/p>\n<p>&nbsp;<\/p>\n<ul>\n<li>\n<p class=\"p1\"><span style=\"color: #ffffff;\">Mardi 2 septembre, de 19h00 \u00e0 20h30<\/span><\/p>\n<\/li>\n<li>\n<p class=\"p1\"><span style=\"color: #ffffff;\">Mardi 9 septembre, de 19h00 \u00e0 20h30<\/span><\/p>\n<p class=\"p1\"><span style=\"color: #ffffff;\"><span class=\"s1\"><b>Inscription obligatoire<\/b><\/span> jusqu\u2019au 24 ao\u00fbt 2025 : <a style=\"color: #ffffff;\" href=\"mailto:cours@geneva-kapdanse-club.ch\">cours@geneva-kapdanse-club.ch<\/a><\/span><\/p>\n<p class=\"p1\"><span style=\"color: #ffffff;\"><span class=\"s1\"><b>Tarif :<\/b><\/span> CHF 30.\u2013 par personne<\/span><\/p>\n<p class=\"p1\"><span style=\"color: #ffffff;\"><span class=\"s1\"><b>Tarif r\u00e9duit \u00ab Bal Viennois \u00bb :<\/b><\/span> CHF 25.\u2013 (pour les d\u00e9tenteurs d\u2019un billet du bal)<\/span><\/p>\n<\/li>\n<\/ul>\n<p>&nbsp;<\/p>\n<hr \/>\n<p>&nbsp;<\/p>\n<h3><span style=\"color: #ffffff;\"><b>Cours d\u2019initiation \u2013 cycle de trois soir\u00e9es (JouliDance Studio)<\/b><\/span><\/h3>\n<p>&nbsp;<\/p>\n<p class=\"p3\"><span style=\"color: #ffffff;\"><span class=\"s2\"><b>Lieu :<\/b><\/span> Rue Elisabeth-Baulacre 14, 1202 Gen\u00e8ve (parking gratuit)<\/span><\/p>\n<p>&nbsp;<\/p>\n<p class=\"p3\"><span style=\"color: #ffffff;\"><span class=\"s2\"><b>Dur\u00e9e :<\/b><\/span> 90 minutes \u2013 Minimum 10 personnes<\/span><\/p>\n<p>&nbsp;<\/p>\n<p class=\"p4\"><span style=\"color: #ffffff;\"><b>Dates :<\/b><b><\/b><\/span><\/p>\n<p>&nbsp;<\/p>\n<ul>\n<li>\n<p class=\"p1\"><span style=\"color: #ffffff;\">Vendredi 19 septembre, de 20h45 \u00e0 22h15<\/span><\/p>\n<\/li>\n<li>\n<p class=\"p1\"><span style=\"color: #ffffff;\">Vendredi 17 octobre, de 20h45 \u00e0 22h15<\/span><\/p>\n<\/li>\n<li>\n<p class=\"p1\"><span style=\"color: #ffffff;\">Vendredi 7 novembre, de 20h45 \u00e0 22h15<\/span><\/p>\n<p class=\"p2\"><span style=\"color: #ffffff;\"><b>Inscription obligatoire :<\/b><span class=\"s1\"> <a style=\"color: #ffffff;\" href=\"mailto:contact@joulidance.ch\">contact@joulidance.ch<\/a><\/span><\/span><\/p>\n<p class=\"p1\"><span style=\"color: #ffffff;\"><span class=\"s2\"><b>Tarif :<\/b><\/span> CHF 90.\u2013 par personne<\/span><\/p>\n<p class=\"p1\"><span style=\"color: #ffffff;\"><span class=\"s2\"><b>Tarif r\u00e9duit \u00ab Bal Viennois \u00bb :<\/b><\/span> CHF 75.\u2013 (pour les d\u00e9tenteurs d\u2019un billet du bal)<\/span><\/p>\n<\/li>\n<\/ul>\n<p>&nbsp;<\/p>\n<hr \/>\n<p>&nbsp;<\/p>\n<h3><span style=\"color: #ffffff;\"><b>Ateliers d\u2019initiation \u2013 une soir\u00e9e (JouliDance Studio)<\/b><\/span><\/h3>\n<p>&nbsp;<\/p>\n<p class=\"p3\"><span style=\"color: #ffffff;\"><span class=\"s2\"><b>Lieu :<\/b><\/span> Rue Elisabeth-Baulacre 14, 1202 Gen\u00e8ve (parking gratuit)<\/span><\/p>\n<p>&nbsp;<\/p>\n<p class=\"p3\"><span style=\"color: #ffffff;\"><span class=\"s2\"><b>Dur\u00e9e :<\/b><\/span> 90 minutes \u2013 Minimum 10 personnes<\/span><\/p>\n<p>&nbsp;<\/p>\n<p class=\"p4\"><span style=\"color: #ffffff;\"><b>Dates :<\/b><b><\/b><\/span><\/p>\n<p>&nbsp;<\/p>\n<ul>\n<li>\n<p class=\"p1\"><span style=\"color: #ffffff;\">Lundi 6 octobre, de 18h00 \u00e0 19h30<\/span><\/p>\n<\/li>\n<li>\n<p class=\"p1\"><span style=\"color: #ffffff;\">Lundi 3 novembre, de 18h00 \u00e0 19h30<\/span><\/p>\n<p class=\"p2\"><span style=\"color: #ffffff;\"><b>Inscription obligatoire :<\/b><span class=\"s1\"> <a style=\"color: #ffffff;\" href=\"mailto:contact@joulidance.ch\">contact@joulidance.ch<\/a><\/span><\/span><\/p>\n<p class=\"p1\"><span style=\"color: #ffffff;\"><span class=\"s2\"><b>Tarif :<\/b><\/span> CHF 30.\u2013 par personne<\/span><\/p>\n<p class=\"p1\"><span style=\"color: #ffffff;\"><span class=\"s2\"><b>Tarif r\u00e9duit \u00ab Bal Viennois \u00bb :<\/b><\/span> CHF 25.\u2013 (pour les d\u00e9tenteurs d\u2019un billet du bal)<\/span><\/p>\n<\/li>\n<\/ul>\n<p>&nbsp;<\/p>\n<hr \/>\n<p>&nbsp;<\/p>\n<h3><span style=\"color: #ffffff;\"><b>Atelier \u00ab Apprentissage rapide \u00bb<\/b><\/span><\/h3>\n<p>&nbsp;<\/p>\n<p class=\"p3\"><span style=\"color: #ffffff;\"><span class=\"s2\"><b>Intervenants :<\/b><\/span> Audrey Etter et Pierre-Yves Richoz<\/span><\/p>\n<p>&nbsp;<\/p>\n<p class=\"p3\"><span style=\"color: #ffffff;\"><span class=\"s2\"><b>Lieu :<\/b><\/span> Bar du The Ritz-Carlton, Hotel de la Paix, Gen\u00e8ve<\/span><\/p>\n<p>&nbsp;<\/p>\n<p class=\"p3\"><span style=\"color: #ffffff;\"><span class=\"s2\"><b>Dur\u00e9e :<\/b><\/span> 90 minutes \u2013 Nombre de participants limit\u00e9 \u00e0 20 (premier arriv\u00e9, premier servi)<\/span><\/p>\n<p>&nbsp;<\/p>\n<p class=\"p3\"><span style=\"color: #ffffff;\"><span class=\"s2\"><b>Date :<\/b><\/span> Samedi 15 novembre, de 14h00 \u00e0 15h30<\/span><\/p>\n<p>&nbsp;<\/p>\n<p class=\"p3\"><span style=\"color: #ffffff;\"><span class=\"s2\"><b>Tarif :<\/b><\/span> CHF 25.\u2013 par personne<\/span><\/p>\n<p>&nbsp;<\/p>\n<p class=\"p3\"><span style=\"color: #ffffff;\"><span class=\"s2\"><b>Inscription obligatoire<\/b><\/span> d\u00e8s maintenant et jusqu\u2019au 15 octobre 2025 : <a style=\"color: #ffffff;\" href=\"mailto:info@balviennois.ch\">info@balviennois.ch<\/a><\/span><\/p>\n<p class=\"p3\"><span style=\"color: #ffffff;\"><i>En partenariat avec <\/i><a style=\"color: #ffffff;\" href=\"https:\/\/geneva-kapdanse-club.ch\/\"><i>KapDanse<\/i><\/a><i> et <\/i><a style=\"color: #ffffff;\" href=\"https:\/\/joulidance.ch\/\"><i>JouliDance<\/i><\/a><i>.<\/i><\/span><\/p>\n<p>&nbsp;<\/p>\n\t\t<\/div>\n\t\t[\/vc_column][\/vc_row][vc_row][vc_column][vc_column_text]<!-- \/wp:post-content --><\/p>\n<p><!-- wp:paragraph -->[\/vc_column_text][\/vc_column][\/vc_row][vc_row equal_height=&#8220;yes&#8220; woodmart_css_id=&#8220;6375322fd211d&#8220; responsive_spacing=&#8220;eyJwYXJhbV90eXBlIjoid29vZG1hcnRfcmVzcG9uc2l2ZV9zcGFjaW5nIiwic2VsZWN0b3JfaWQiOiI2Mzc1MzIyZmQyMTFkIiwic2hvcnRjb2RlIjoidmNfcm93IiwiZGF0YSI6eyJ0YWJsZXQiOnt9LCJtb2JpbGUiOnt9fX0=&#8220; mobile_bg_img_hidden=&#8220;no&#8220; tablet_bg_img_hidden=&#8220;no&#8220; woodmart_parallax=&#8220;0&#8243; woodmart_gradient_switch=&#8220;no&#8220; woodmart_box_shadow=&#8220;no&#8220; wd_z_index=&#8220;no&#8220; woodmart_disable_overflow=&#8220;0&#8243; row_reverse_mobile=&#8220;0&#8243; row_reverse_tablet=&#8220;0&#8243;][vc_column css=&#8220;.vc_custom_1669664880219{padding-top: 30px !important;padding-right: 5% !important;padding-left: 5% !important;}&#8220; woodmart_css_id=&#8220;6385106bccc07&#8243; parallax_scroll=&#8220;no&#8220; woodmart_sticky_column=&#8220;false&#8220; wd_collapsible_content_switcher=&#8220;no&#8220; wd_column_role_offcanvas_desktop=&#8220;no&#8220; wd_column_role_offcanvas_tablet=&#8220;no&#8220; wd_column_role_offcanvas_mobile=&#8220;no&#8220; wd_column_role_content_desktop=&#8220;no&#8220; wd_column_role_content_tablet=&#8220;no&#8220; wd_column_role_content_mobile=&#8220;no&#8220; mobile_bg_img_hidden=&#8220;no&#8220; tablet_bg_img_hidden=&#8220;no&#8220; woodmart_parallax=&#8220;0&#8243; woodmart_box_shadow=&#8220;no&#8220; responsive_spacing=&#8220;eyJwYXJhbV90eXBlIjoid29vZG1hcnRfcmVzcG9uc2l2ZV9zcGFjaW5nIiwic2VsZWN0b3JfaWQiOiI2Mzg1MTA2YmNjYzA3Iiwic2hvcnRjb2RlIjoidmNfY29sdW1uIiwiZGF0YSI6eyJ0YWJsZXQiOnt9LCJtb2JpbGUiOnt9fX0=&#8220; mobile_reset_margin=&#8220;no&#8220; tablet_reset_margin=&#8220;no&#8220; wd_z_index=&#8220;no&#8220;]\n\t\t<div id=\"wd-6891b45335c8a\" class=\"title-wrapper wd-wpb set-mb-s reset-last-child  wd-rs-6891b45335c8a wd-title-color-primary wd-title-style-default text-center bloque-titulo vc_custom_1754379413866\">\n\t\t\t\n\t\t\t<div class=\"liner-continer\">\n\t\t\t\t<h4 class=\"woodmart-title-container title  wd-font-weight- wd-fontsize-xxl\" >Vielen Dank an alle!<br \/>Wir freuen uns, Sie 2025 beim Ball wiederzusehen!<\/h4>\n\t\t\t\t\t\t\t<\/div>\n\t\t\t\n\t\t\t\n\t\t\t\n\t\t<\/div>\n\t\t\n\t\t<div id=\"wd-639f2162d3132\" class=\" wd-rs-639f2162d3132  wd-button-wrapper text-center\"><a href=\"https:\/\/balviennois.ch\/boutique\/\" title=\"Gesch\u00e4ft\" class=\"btn btn-color-primary btn-style-default btn-style-semi-round btn-size-default\">TICKETS &amp; TISCHE<\/a><\/div>[vc_single_image image=&#8220;30699&#8243; img_size=&#8220;full&#8220; alignment=&#8220;center&#8220; css=&#8220;.vc_custom_1670954451987{margin-top: 20px !important;margin-bottom: 0px !important;}&#8220; parallax_scroll=&#8220;no&#8220; woodmart_inline=&#8220;no&#8220;][\/vc_column][\/vc_row]<\/p>\n<\/section>","protected":false},"excerpt":{"rendered":"<p>[vc_row full_width=&#8220;stretch_row&#8220; equal_height=&#8220;yes&#8220; content_placement=&#8220;middle&#8220; woodmart_css_id=&#8220;638508f568322&#8243; responsive_spacing=&#8220;eyJwYXJhbV90eXBlIjoid29vZG1hcnRfcmVzcG9uc2l2ZV9zcGFjaW5nIiwic2VsZWN0b3JfaWQiOiI2Mzg1MDhmNTY4MzIyIiwic2hvcnRjb2RlIjoidmNfcm93IiwiZGF0YSI6eyJ0YWJsZXQiOnt9LCJtb2JpbGUiOnt9fX0=&#8220; mobile_bg_img_hidden=&#8220;no&#8220; tablet_bg_img_hidden=&#8220;no&#8220; woodmart_parallax=&#8220;0&#8243; woodmart_gradient_switch=&#8220;no&#8220; woodmart_box_shadow=&#8220;no&#8220; wd_z_index=&#8220;no&#8220; woodmart_disable_overflow=&#8220;0&#8243; row_reverse_mobile=&#8220;1&#8243; row_reverse_tablet=&#8220;0&#8243; css=&#8220;.vc_custom_1669662970570{margin-top: -40px !important;padding-top: 40px !important;padding-bottom:<\/p>\n","protected":false},"author":1,"featured_media":0,"parent":0,"menu_order":0,"comment_status":"closed","ping_status":"closed","template":"","meta":{"footnotes":""},"class_list":["post-37551","page","type-page","status-publish","hentry"],"_links":{"self":[{"href":"https:\/\/balviennois.ch\/de\/wp-json\/wp\/v2\/pages\/37551","targetHints":{"allow":["GET"]}}],"collection":[{"href":"https:\/\/balviennois.ch\/de\/wp-json\/wp\/v2\/pages"}],"about":[{"href":"https:\/\/balviennois.ch\/de\/wp-json\/wp\/v2\/types\/page"}],"author":[{"embeddable":true,"href":"https:\/\/balviennois.ch\/de\/wp-json\/wp\/v2\/users\/1"}],"replies":[{"embeddable":true,"href":"https:\/\/balviennois.ch\/de\/wp-json\/wp\/v2\/comments?post=37551"}],"version-history":[{"count":9,"href":"https:\/\/balviennois.ch\/de\/wp-json\/wp\/v2\/pages\/37551\/revisions"}],"predecessor-version":[{"id":39137,"href":"https:\/\/balviennois.ch\/de\/wp-json\/wp\/v2\/pages\/37551\/revisions\/39137"}],"wp:attachment":[{"href":"https:\/\/balviennois.ch\/de\/wp-json\/wp\/v2\/media?parent=37551"}],"curies":[{"name":"wp","href":"https:\/\/api.w.org\/{rel}","templated":true}]}}